{"id":161,"date":"2014-08-10T16:37:51","date_gmt":"2014-08-10T14:37:51","guid":{"rendered":"http:\/\/ferienwohnungen-ellmau.at\/ferienwohnungen\/nr-2\/"},"modified":"2019-11-28T10:55:56","modified_gmt":"2019-11-28T08:55:56","slug":"nr-2","status":"publish","type":"page","link":"https:\/\/ferienwohnungen-ellmau.at\/en\/ferienwohnungen\/nr-2\/","title":{"rendered":"Ferienwohnung 2"},"content":{"rendered":"<div id=\"pl-161\"  class=\"panel-layout\" ><div id=\"pg-161-0\"  class=\"panel-grid panel-no-style\" ><div id=\"pgc-161-0-0\"  class=\"panel-grid-cell\" ><div id=\"panel-161-0-0-0\" class=\"so-panel widget widget_black-studio-tinymce widget_black_studio_tinymce panel-first-child panel-last-child\" data-index=\"0\" ><div class=\"textwidget\">Typ B\n\nGr\u00f6\u00dfe: 48m2\n\nf\u00fcr 2 -4 Personen\n\nWohnzimmer mit einem bequemen Schlafsofa,Kabel-TV, W-Lan\n\nSchlafzimmer\n\nkleine Wohnk\u00fcche mit Sitzecke,Geschirrsp\u00fcler,Backofen,Ceranfeld,Toaster,Kaffeemaschine\n\nBad mit Dusche,F\u00f6n\n\nS\u00fcdterrasse,Westbalkon<\/div><\/div><\/div><div id=\"pgc-161-0-1\"  class=\"panel-grid-cell\" ><div id=\"panel-161-0-1-0\" class=\"so-panel widget widget_metaslider_widget panel-first-child panel-last-child\" data-index=\"1\" ><div id=\"metaslider-id-96\" style=\"width: 100%;\" class=\"ml-slider-3-27-8 ml-slider-pro-2-7-1 metaslider metaslider-nivo metaslider-96 ml-slider\">\n    <div id=\"metaslider_container_96\">\n        <div class='slider-wrapper theme-default'><div class='ribbon'><\/div><div id='metaslider_96' class='nivoSlider'><img src=\"https:\/\/ferienwohnungen-ellmau.at\/wp-content\/uploads\/2020\/06\/DSC7981-650x400.jpg\" height=\"400\" width=\"650\" data-caption=\"Wohnschlafraum Wohnung Nr.2\" data-thumb=\"https:\/\/ferienwohnungen-ellmau.at\/wp-content\/uploads\/2020\/06\/DSC7981-100x60.jpg\" title=\"Wohnschlafraum Wohnung Nr. 2\" alt=\"\" class=\"slider-96 slide-453\" \/><img src=\"https:\/\/ferienwohnungen-ellmau.at\/wp-content\/uploads\/2020\/06\/IMG_3515-scaled-650x400.jpg\" height=\"400\" width=\"650\" data-caption=\"Wohnschlafraum Wohnung Nr. 2\" data-thumb=\"https:\/\/ferienwohnungen-ellmau.at\/wp-content\/uploads\/2020\/06\/IMG_3515-scaled-100x60.jpg\" title=\"Wohnschlafraum Wohnung Nr. 2\" alt=\"\" class=\"slider-96 slide-463\" \/><img src=\"https:\/\/ferienwohnungen-ellmau.at\/wp-content\/uploads\/2020\/06\/DSC7996-650x400.jpg\" height=\"400\" width=\"650\" data-caption=\"K&uuml;che Wohnung Nr. 2\" data-thumb=\"https:\/\/ferienwohnungen-ellmau.at\/wp-content\/uploads\/2020\/06\/DSC7996-100x60.jpg\" title=\"K\u00fcche Wohnung Nr. 2\" alt=\"\" class=\"slider-96 slide-454\" \/><img src=\"https:\/\/ferienwohnungen-ellmau.at\/wp-content\/uploads\/2020\/06\/DSC7945-650x400.jpg\" height=\"400\" width=\"650\" data-caption=\"Schlafzimmer Wohnung Nr. 2\" data-thumb=\"https:\/\/ferienwohnungen-ellmau.at\/wp-content\/uploads\/2020\/06\/DSC7945-100x60.jpg\" title=\"Schlafzimmer Wohnung Nr. 2\" alt=\"\" class=\"slider-96 slide-450\" \/><img src=\"https:\/\/ferienwohnungen-ellmau.at\/wp-content\/uploads\/2020\/06\/DSC7965-650x400.jpg\" height=\"400\" width=\"650\" data-caption=\"Schlafzimmer Wohnung Nr. 2\" data-thumb=\"https:\/\/ferienwohnungen-ellmau.at\/wp-content\/uploads\/2020\/06\/DSC7965-100x60.jpg\" title=\"Schlafzimmer Wohnung Nr. 2\" alt=\"\" class=\"slider-96 slide-452\" \/><img src=\"https:\/\/ferienwohnungen-ellmau.at\/wp-content\/uploads\/2020\/06\/DSC7934-650x400.jpg\" height=\"400\" width=\"650\" data-caption=\"Badezimmer Wohnung Nr. 2\" data-thumb=\"https:\/\/ferienwohnungen-ellmau.at\/wp-content\/uploads\/2020\/06\/DSC7934-100x60.jpg\" title=\"Badezimmer Wohnung Nr. 2\" alt=\"\" class=\"slider-96 slide-451\" \/><img src=\"https:\/\/ferienwohnungen-ellmau.at\/wp-content\/uploads\/2020\/06\/DSC8107-650x400.jpg\" height=\"400\" width=\"650\" data-caption=\"Terrasse Wohnung Nr. 2\" data-thumb=\"https:\/\/ferienwohnungen-ellmau.at\/wp-content\/uploads\/2020\/06\/DSC8107-100x60.jpg\" title=\"Terrasse Wohnung Nr. 2\" alt=\"\" class=\"slider-96 slide-455\" \/><img src=\"https:\/\/ferienwohnungen-ellmau.at\/wp-content\/uploads\/2020\/06\/DSC8101-650x400.jpg\" height=\"400\" width=\"650\" data-caption=\"Terrasse Wohnung Nr. 2\" data-thumb=\"https:\/\/ferienwohnungen-ellmau.at\/wp-content\/uploads\/2020\/06\/DSC8101-100x60.jpg\" title=\"Terrasse Wohnung Nr. 2\" alt=\"\" class=\"slider-96 slide-456\" \/><img src=\"https:\/\/ferienwohnungen-ellmau.at\/wp-content\/uploads\/2020\/06\/IMG_3507-scaled-650x400.jpg\" height=\"400\" width=\"650\" data-caption=\"Westbalkon Wohnung Nr. 2\" data-thumb=\"https:\/\/ferienwohnungen-ellmau.at\/wp-content\/uploads\/2020\/06\/IMG_3507-scaled-100x60.jpg\" title=\"Westbalkon Wohnung Nr. 2\" alt=\"\" class=\"slider-96 slide-464\" \/><img src=\"https:\/\/ferienwohnungen-ellmau.at\/wp-content\/uploads\/2020\/06\/IMG_3506-scaled-650x400.jpg\" height=\"400\" width=\"650\" data-caption=\"Westbalkon Wohnung Nr. 2\" data-thumb=\"https:\/\/ferienwohnungen-ellmau.at\/wp-content\/uploads\/2020\/06\/IMG_3506-scaled-100x60.jpg\" title=\"Terrasse Wohnung Nr. 2\" alt=\"\" class=\"slider-96 slide-465\" \/><\/div><\/div>\n        \n    <\/div>\n<\/div><\/div><\/div><\/div><\/div>","protected":false},"excerpt":{"rendered":"<p>Typ B Gr\u00f6\u00dfe: 48m2 f\u00fcr 2 -4 Personen Wohnzimmer mit einem bequemen Schlafsofa,Kabel-TV, W-Lan Schlafzimmer kleine Wohnk\u00fcche mit Sitzecke,Geschirrsp\u00fcler,Backofen,Ceranfeld,Toaster,Kaffeemaschine Bad mit Dusche,F\u00f6n S\u00fcdterrasse,Westbalkon<\/p>\n","protected":false},"author":1,"featured_media":0,"parent":159,"menu_order":0,"comment_status":"closed","ping_status":"closed","template":"","meta":[],"_links":{"self":[{"href":"https:\/\/ferienwohnungen-ellmau.at\/en\/wp-json\/wp\/v2\/pages\/161\/"}],"collection":[{"href":"https:\/\/ferienwohnungen-ellmau.at\/en\/wp-json\/wp\/v2\/pages\/"}],"about":[{"href":"https:\/\/ferienwohnungen-ellmau.at\/en\/wp-json\/wp\/v2\/types\/page\/"}],"author":[{"embeddable":true,"href":"https:\/\/ferienwohnungen-ellmau.at\/en\/wp-json\/wp\/v2\/users\/1\/"}],"replies":[{"embeddable":true,"href":"https:\/\/ferienwohnungen-ellmau.at\/en\/wp-json\/wp\/v2\/comments\/?post=161"}],"version-history":[{"count":2,"href":"https:\/\/ferienwohnungen-ellmau.at\/en\/wp-json\/wp\/v2\/pages\/161\/revisions\/"}],"predecessor-version":[{"id":302,"href":"https:\/\/ferienwohnungen-ellmau.at\/en\/wp-json\/wp\/v2\/pages\/161\/revisions\/302\/"}],"up":[{"embeddable":true,"href":"https:\/\/ferienwohnungen-ellmau.at\/en\/wp-json\/wp\/v2\/pages\/159\/"}],"wp:attachment":[{"href":"https:\/\/ferienwohnungen-ellmau.at\/en\/wp-json\/wp\/v2\/media\/?parent=161"}],"curies":[{"name":"wp","href":"https:\/\/api.w.org\/{rel}","templated":true}]}}